{"id":690,"date":"2021-07-24T17:00:17","date_gmt":"2021-07-24T14:00:17","guid":{"rendered":"http:\/\/btbtercume.com\/?page_id=690"},"modified":"2022-11-05T15:35:28","modified_gmt":"2022-11-05T12:35:28","slug":"almanca","status":"publish","type":"page","link":"https:\/\/btbtercume.com\/ceviri-yaptigimiz-diller\/almanca\/","title":{"rendered":"Almanca"},"content":{"rendered":"<p>Almanca resmi dil olarak Almanya ve Avusturya\u2019da kullan\u0131lmaktad\u0131r. Almanca yakla\u015f\u0131k 100 milyon insan\u0131n anadili olmakla birlikte as\u0131rlar boyunca Alman k\u00fclt\u00fcr ve dilinin birle\u015ftirici bir rol oynad\u0131\u011f\u0131 Do\u011fu Avrupa\u2019daki pek \u00e7ok \u00fclkede de Almanca ikinci dil olarak konu\u015fulmaktadir.<\/p>\n<p>T\u00fcrkiye\u2019de 25.000 kadar Alman ik\u00e2met etmektedir. Bu grup eski t\u00e2biriyle \u201cBosporus-Deutsche\u201d (\u201cBo\u011fazi\u00e7i Almanlar\u0131\u201d) ve Akdeniz B\u00f6lgesinde ya\u015fayan Alman vatanda\u015flar\u0131ndan olu\u015fmaktad\u0131r.<\/p>\n<p>Alman dili ve edebiyat\u0131nda uzun s\u00fcre \u00e7evirmenlik yap\u0131p Almanca ve T\u00fcrk\u00e7e \u2018ye ana dilleri kadar hakim terc\u00fcman kadromuz taraf\u0131ndan Almanca terc\u00fcme i\u015flemleri yap\u0131lmaktad\u0131r. \u00c7evirisi yap\u0131lacak dok\u00fcman\u0131n i\u00e7eri\u011fine g\u00f6re (teknik, t\u0131bbi, hukuki v.b ) bulunmas\u0131 halinde bu konudaki teknik Almanca terc\u00fcmanlar taraf\u0131ndan terc\u00fcmesi yap\u0131lmaktad\u0131r.<\/p>\n<p>Noter onayl\u0131 Almanca terc\u00fcme \u0130\u015flemleri; \u2028Yeminli Almanca m\u00fctercim kadromuz taraf\u0131ndan terc\u00fcme edilip noter taraf\u0131ndan tasdik yap\u0131lmas\u0131 \u015feklindedir. Almanca terc\u00fcmenin noter tasdik fiyat\u0131 noter taraf\u0131ndan belirlenecek \u00fccret kadard\u0131r bu tutar hakk\u0131nda bizden tahmini fiyat talebinde bulunabilirsiniz.<\/p>\n","protected":false},"excerpt":{"rendered":"<p>Almanca resmi dil olarak Almanya ve Avusturya\u2019da kullan\u0131lmaktad\u0131r. Almanca yakla\u015f\u0131k 100 milyon insan\u0131n anadili olmakla birlikte as\u0131rlar boyunca Alman k\u00fclt\u00fcr ve dilinin birle\u015ftirici bir rol oynad\u0131\u011f\u0131 Do\u011fu Avrupa\u2019daki pek \u00e7ok \u00fclkede de Almanca ikinci dil olarak konu\u015fulmaktadir. T\u00fcrkiye\u2019de 25.000 kadar Alman ik\u00e2met etmektedir. Bu grup eski t\u00e2biriyle \u201cBosporus-Deutsche\u201d (\u201cBo\u011fazi\u00e7i Almanlar\u0131\u201d) ve Akdeniz B\u00f6lgesinde ya\u015fayan Alman [&hellip;]<\/p>\n","protected":false},"author":1,"featured_media":0,"parent":682,"menu_order":0,"comment_status":"closed","ping_status":"closed","template":"dildetay.php","meta":[],"_links":{"self":[{"href":"https:\/\/btbtercume.com\/wp-json\/wp\/v2\/pages\/690"}],"collection":[{"href":"https:\/\/btbtercume.com\/wp-json\/wp\/v2\/pages"}],"about":[{"href":"https:\/\/btbtercume.com\/wp-json\/wp\/v2\/types\/page"}],"author":[{"embeddable":true,"href":"https:\/\/btbtercume.com\/wp-json\/wp\/v2\/users\/1"}],"replies":[{"embeddable":true,"href":"https:\/\/btbtercume.com\/wp-json\/wp\/v2\/comments?post=690"}],"version-history":[{"count":3,"href":"https:\/\/btbtercume.com\/wp-json\/wp\/v2\/pages\/690\/revisions"}],"predecessor-version":[{"id":1126,"href":"https:\/\/btbtercume.com\/wp-json\/wp\/v2\/pages\/690\/revisions\/1126"}],"up":[{"embeddable":true,"href":"https:\/\/btbtercume.com\/wp-json\/wp\/v2\/pages\/682"}],"wp:attachment":[{"href":"https:\/\/btbtercume.com\/wp-json\/wp\/v2\/media?parent=690"}],"curies":[{"name":"wp","href":"https:\/\/api.w.org\/{rel}","templated":true}]}}